{"id":11264,"date":"2026-02-25T17:23:14","date_gmt":"2026-02-25T16:23:14","guid":{"rendered":"https:\/\/www.llauts.com\/eclipse-solar\/"},"modified":"2026-03-05T11:57:03","modified_gmt":"2026-03-05T10:57:03","slug":"eclipse-solar","status":"publish","type":"page","link":"https:\/\/www.llauts.com\/fr\/eclipse-solar\/","title":{"rendered":"Eclipse Solar"},"content":{"rendered":"<div class=\"wpb-content-wrapper\"><p>[vc_row][vc_column]<div id=\"sc_title_2046746728\"\r\n\t\tclass=\"sc_title color_style_default sc_title_alter\"><h5 class=\"sc_item_title sc_title_title sc_align_left sc_item_title_style_alter sc_item_title_tag\">\u00c9clipse solaire du 12 ao\u00fbt 2026<\/h5><\/div><!-- \/.sc_title --><div class=\"cq-parallaxcontainer \"  data-speed=\"\" data-coverratio=\"\" data-holderminheight=\"\" data-holdermaxheight=\"\" data-extraheight=\"\" data-target=\"\"><div class=\"cq-parallaximage\" data-image=\"https:\/\/www.llauts.com\/wp-content\/uploads\/2026\/02\/eclipse_llauts.png\" data-width=\"1536\" data-height=\"1024\" data-image-mobile=\"https:\/\/www.llauts.com\/wp-content\/uploads\/2026\/02\/eclipse_llauts-640x427.png\" data-link=\"\"><\/div><\/div>[\/vc_column][\/vc_row][vc_row][vc_column width=&#8221;1\/2&#8243;][vc_empty_space alter_height=&#8221;small&#8221; hide_on_mobile=&#8221;&#8221;][vc_column_text css=&#8221;&#8221;]<strong>Le 12 ao\u00fbt 2026,<\/strong> la mer des Bal\u00e9ares sera le th\u00e9\u00e2tre d&#8217;un ph\u00e9nom\u00e8ne astronomique exceptionnel\u00a0: une \u00e9clipse solaire totale visible depuis la M\u00e9diterran\u00e9e. Un \u00e9v\u00e9nement unique, \u00e0 vivre une fois dans sa vie, exclusivement depuis l&#8217;un des bateaux de Lla\u00fcts.com, pour une exp\u00e9rience hors du commun.[\/vc_column_text][\/vc_column][vc_column width=&#8221;1\/2&#8243;][vc_column_text css=&#8221;&#8221;]<\/p>\n<p style=\"text-align: center;\"><strong>Remplissez le formulaire pour recevoir des informations sur la r\u00e9servation d&#8217;un de nos bateaux pour l&#8217;\u00e9clipse solaire du 12 ao\u00fbt 2026<\/strong><\/p>\n<p>[\/vc_column_text]\n<div class=\"wpcf7 no-js\" id=\"wpcf7-f11057-o1\" lang=\"es-ES\" dir=\"ltr\" data-wpcf7-id=\"11057\">\n<div class=\"screen-reader-response\"><p role=\"status\" aria-live=\"polite\" aria-atomic=\"true\"><\/p> <ul><\/ul><\/div>\n<form action=\"\/fr\/wp-json\/wp\/v2\/pages\/11264#wpcf7-f11057-o1\" method=\"post\" class=\"wpcf7-form init\" aria-label=\"Formulaire de contact\" novalidate=\"novalidate\" data-status=\"init\">\n<fieldset class=\"hidden-fields-container\"><input type=\"hidden\" name=\"_wpcf7\" value=\"11057\" \/><input type=\"hidden\" name=\"_wpcf7_version\" value=\"6.1.5\" \/><input type=\"hidden\" name=\"_wpcf7_locale\" value=\"es_ES\" \/><input type=\"hidden\" name=\"_wpcf7_unit_tag\" value=\"wpcf7-f11057-o1\" \/><input type=\"hidden\" name=\"_wpcf7_container_post\" value=\"0\" \/><input type=\"hidden\" name=\"_wpcf7_posted_data_hash\" value=\"\" \/><input type=\"hidden\" name=\"_wpcf7_recaptcha_response\" value=\"\" \/>\n<\/fieldset>\n<label> Tu nombre (obligatorio)\n    <span class=\"wpcf7-form-control-wrap\" data-name=\"your-name\"><input size=\"40\" maxlength=\"400\" class=\"wpcf7-form-control wpcf7-text wpcf7-validates-as-required\" aria-required=\"true\" aria-invalid=\"false\" value=\"\" type=\"text\" name=\"your-name\" \/><\/span> <\/label>\n<label> Tu correo electr\u00f3nico (obligatorio)\n    <span class=\"wpcf7-form-control-wrap\" data-name=\"your-email\"><input size=\"40\" maxlength=\"400\" class=\"wpcf7-form-control wpcf7-email wpcf7-validates-as-required wpcf7-text wpcf7-validates-as-email\" aria-required=\"true\" aria-invalid=\"false\" value=\"\" type=\"email\" name=\"your-email\" \/><\/span> <\/label>\n<label>N\u00famero de personas\n<span class=\"wpcf7-form-control-wrap\" data-name=\"plazas\"><input class=\"wpcf7-form-control wpcf7-number wpcf7-validates-as-required wpcf7-validates-as-number\" min=\"1\" max=\"12\" aria-required=\"true\" aria-invalid=\"false\" value=\"\" type=\"number\" name=\"plazas\" \/><\/span><\/label>\n\n\n<label> Tu mensaje\n    <span class=\"wpcf7-form-control-wrap\" data-name=\"your-message\"><textarea cols=\"40\" rows=\"10\" maxlength=\"2000\" class=\"wpcf7-form-control wpcf7-textarea\" aria-invalid=\"false\" name=\"your-message\"><\/textarea><\/span> <\/label>\n\n<input class=\"wpcf7-form-control wpcf7-submit has-spinner\" type=\"submit\" value=\"Enviar\" \/><div class=\"wpcf7-response-output\" aria-hidden=\"true\"><\/div>\n<\/form>\n<\/div>\n[\/vc_column][\/vc_row]<\/p>\n<\/div>","protected":false},"excerpt":{"rendered":"<p>[vc_row][vc_column][\/vc_column][\/vc_row][vc_row][vc_column width=&#8221;1\/2&#8243;][vc_empty_space alter_height=&#8221;small&#8221; hide_on_mobile=&#8221;&#8221;][vc_column_text css=&#8221;&#8221;]Le 12 ao\u00fbt 2026, la mer des Bal\u00e9ares sera le th\u00e9\u00e2tre d&#8217;un ph\u00e9nom\u00e8ne astronomique exceptionnel\u00a0: une \u00e9clipse solaire totale visible depuis la M\u00e9diterran\u00e9e. Un \u00e9v\u00e9nement unique, \u00e0 vivre une fois dans sa vie, exclusivement depuis l&#8217;un&hellip;<\/p>\n","protected":false},"author":1,"featured_media":0,"parent":0,"menu_order":0,"comment_status":"closed","ping_status":"closed","template":"","meta":{"_acf_changed":false,"footnotes":""},"class_list":["post-11264","page","type-page","status-publish","placeholder-for-hentry"],"acf":[],"yoast_head":"<!-- This site is optimized with the Yoast SEO plugin v27.4 - https:\/\/yoast.com\/product\/yoast-seo-wordpress\/ -->\n<title>Eclipse Solar - Llauts.com<\/title>\n<meta name=\"robots\" content=\"index, follow, max-snippet:-1, max-image-preview:large, max-video-preview:-1\" \/>\n<link rel=\"canonical\" href=\"https:\/\/www.llauts.com\/fr\/eclipse-solar\/\" \/>\n<meta property=\"og:locale\" content=\"fr_FR\" \/>\n<meta property=\"og:type\" content=\"article\" \/>\n<meta property=\"og:title\" content=\"Eclipse Solar - Llauts.com\" \/>\n<meta property=\"og:description\" content=\"[vc_row][vc_column][\/vc_column][\/vc_row][vc_row][vc_column width=&#8221;1\/2&#8243;][vc_empty_space alter_height=&#8221;small&#8221; hide_on_mobile=&#8221;&#8221;][vc_column_text css=&#8221;&#8221;]Le 12 ao\u00fbt 2026, la mer des Bal\u00e9ares sera le th\u00e9\u00e2tre d&#8217;un ph\u00e9nom\u00e8ne astronomique exceptionnel\u00a0: une \u00e9clipse solaire totale visible depuis la M\u00e9diterran\u00e9e. Un \u00e9v\u00e9nement unique, \u00e0 vivre une fois dans sa vie, exclusivement depuis l&#8217;un&hellip;\" \/>\n<meta property=\"og:url\" content=\"https:\/\/www.llauts.com\/fr\/eclipse-solar\/\" \/>\n<meta property=\"og:site_name\" content=\"Llauts.com\" \/>\n<meta property=\"article:publisher\" content=\"https:\/\/www.facebook.com\/Llauts-Charter-Port-Andratx-253872008116573\/\" \/>\n<meta property=\"article:modified_time\" content=\"2026-03-05T10:57:03+00:00\" \/>\n<meta property=\"og:image\" content=\"https:\/\/www.llauts.com\/wp-content\/uploads\/2018\/01\/cropped-logo_png-1.png\" \/>\n\t<meta property=\"og:image:width\" content=\"170\" \/>\n\t<meta property=\"og:image:height\" content=\"66\" \/>\n\t<meta property=\"og:image:type\" content=\"image\/png\" \/>\n<meta name=\"twitter:card\" content=\"summary_large_image\" \/>\n<script type=\"application\/ld+json\" class=\"yoast-schema-graph\">{\"@context\":\"https:\\\/\\\/schema.org\",\"@graph\":[{\"@type\":\"WebPage\",\"@id\":\"https:\\\/\\\/www.llauts.com\\\/fr\\\/eclipse-solar\\\/\",\"url\":\"https:\\\/\\\/www.llauts.com\\\/fr\\\/eclipse-solar\\\/\",\"name\":\"Eclipse Solar - Llauts.com\",\"isPartOf\":{\"@id\":\"https:\\\/\\\/www.llauts.com\\\/#website\"},\"datePublished\":\"2026-02-25T16:23:14+00:00\",\"dateModified\":\"2026-03-05T10:57:03+00:00\",\"breadcrumb\":{\"@id\":\"https:\\\/\\\/www.llauts.com\\\/fr\\\/eclipse-solar\\\/#breadcrumb\"},\"inLanguage\":\"fr-FR\",\"potentialAction\":[{\"@type\":\"ReadAction\",\"target\":[\"https:\\\/\\\/www.llauts.com\\\/fr\\\/eclipse-solar\\\/\"]}]},{\"@type\":\"BreadcrumbList\",\"@id\":\"https:\\\/\\\/www.llauts.com\\\/fr\\\/eclipse-solar\\\/#breadcrumb\",\"itemListElement\":[{\"@type\":\"ListItem\",\"position\":1,\"name\":\"Portada\",\"item\":\"https:\\\/\\\/www.llauts.com\\\/fr\\\/\"},{\"@type\":\"ListItem\",\"position\":2,\"name\":\"Eclipse Solar\"}]},{\"@type\":\"WebSite\",\"@id\":\"https:\\\/\\\/www.llauts.com\\\/#website\",\"url\":\"https:\\\/\\\/www.llauts.com\\\/\",\"name\":\"Llauts.com\",\"description\":\"Alquiler y venta de barcos Puerto d&#039;Andratx\",\"publisher\":{\"@id\":\"https:\\\/\\\/www.llauts.com\\\/#organization\"},\"inLanguage\":\"fr-FR\"},{\"@type\":\"Organization\",\"@id\":\"https:\\\/\\\/www.llauts.com\\\/#organization\",\"name\":\"Llauts.com\",\"url\":\"https:\\\/\\\/www.llauts.com\\\/\",\"logo\":{\"@type\":\"ImageObject\",\"inLanguage\":\"fr-FR\",\"@id\":\"https:\\\/\\\/www.llauts.com\\\/#\\\/schema\\\/logo\\\/image\\\/\",\"url\":\"https:\\\/\\\/www.llauts.com\\\/wp-content\\\/uploads\\\/2026\\\/02\\\/logo_llauts_1982.png\",\"contentUrl\":\"https:\\\/\\\/www.llauts.com\\\/wp-content\\\/uploads\\\/2026\\\/02\\\/logo_llauts_1982.png\",\"width\":1536,\"height\":1024,\"caption\":\"Llauts.com\"},\"image\":{\"@id\":\"https:\\\/\\\/www.llauts.com\\\/#\\\/schema\\\/logo\\\/image\\\/\"},\"sameAs\":[\"https:\\\/\\\/www.facebook.com\\\/Llauts-Charter-Port-Andratx-253872008116573\\\/\",\"https:\\\/\\\/www.instagram.com\\\/llautsboats\\\/\"]}]}<\/script>\n<!-- \/ Yoast SEO plugin. -->","yoast_head_json":{"title":"Eclipse Solar - Llauts.com","robots":{"index":"index","follow":"follow","max-snippet":"max-snippet:-1","max-image-preview":"max-image-preview:large","max-video-preview":"max-video-preview:-1"},"canonical":"https:\/\/www.llauts.com\/fr\/eclipse-solar\/","og_locale":"fr_FR","og_type":"article","og_title":"Eclipse Solar - Llauts.com","og_description":"[vc_row][vc_column][\/vc_column][\/vc_row][vc_row][vc_column width=&#8221;1\/2&#8243;][vc_empty_space alter_height=&#8221;small&#8221; hide_on_mobile=&#8221;&#8221;][vc_column_text css=&#8221;&#8221;]Le 12 ao\u00fbt 2026, la mer des Bal\u00e9ares sera le th\u00e9\u00e2tre d&#8217;un ph\u00e9nom\u00e8ne astronomique exceptionnel\u00a0: une \u00e9clipse solaire totale visible depuis la M\u00e9diterran\u00e9e. Un \u00e9v\u00e9nement unique, \u00e0 vivre une fois dans sa vie, exclusivement depuis l&#8217;un&hellip;","og_url":"https:\/\/www.llauts.com\/fr\/eclipse-solar\/","og_site_name":"Llauts.com","article_publisher":"https:\/\/www.facebook.com\/Llauts-Charter-Port-Andratx-253872008116573\/","article_modified_time":"2026-03-05T10:57:03+00:00","og_image":[{"width":170,"height":66,"url":"https:\/\/www.llauts.com\/wp-content\/uploads\/2018\/01\/cropped-logo_png-1.png","type":"image\/png"}],"twitter_card":"summary_large_image","schema":{"@context":"https:\/\/schema.org","@graph":[{"@type":"WebPage","@id":"https:\/\/www.llauts.com\/fr\/eclipse-solar\/","url":"https:\/\/www.llauts.com\/fr\/eclipse-solar\/","name":"Eclipse Solar - Llauts.com","isPartOf":{"@id":"https:\/\/www.llauts.com\/#website"},"datePublished":"2026-02-25T16:23:14+00:00","dateModified":"2026-03-05T10:57:03+00:00","breadcrumb":{"@id":"https:\/\/www.llauts.com\/fr\/eclipse-solar\/#breadcrumb"},"inLanguage":"fr-FR","potentialAction":[{"@type":"ReadAction","target":["https:\/\/www.llauts.com\/fr\/eclipse-solar\/"]}]},{"@type":"BreadcrumbList","@id":"https:\/\/www.llauts.com\/fr\/eclipse-solar\/#breadcrumb","itemListElement":[{"@type":"ListItem","position":1,"name":"Portada","item":"https:\/\/www.llauts.com\/fr\/"},{"@type":"ListItem","position":2,"name":"Eclipse Solar"}]},{"@type":"WebSite","@id":"https:\/\/www.llauts.com\/#website","url":"https:\/\/www.llauts.com\/","name":"Llauts.com","description":"Alquiler y venta de barcos Puerto d&#039;Andratx","publisher":{"@id":"https:\/\/www.llauts.com\/#organization"},"inLanguage":"fr-FR"},{"@type":"Organization","@id":"https:\/\/www.llauts.com\/#organization","name":"Llauts.com","url":"https:\/\/www.llauts.com\/","logo":{"@type":"ImageObject","inLanguage":"fr-FR","@id":"https:\/\/www.llauts.com\/#\/schema\/logo\/image\/","url":"https:\/\/www.llauts.com\/wp-content\/uploads\/2026\/02\/logo_llauts_1982.png","contentUrl":"https:\/\/www.llauts.com\/wp-content\/uploads\/2026\/02\/logo_llauts_1982.png","width":1536,"height":1024,"caption":"Llauts.com"},"image":{"@id":"https:\/\/www.llauts.com\/#\/schema\/logo\/image\/"},"sameAs":["https:\/\/www.facebook.com\/Llauts-Charter-Port-Andratx-253872008116573\/","https:\/\/www.instagram.com\/llautsboats\/"]}]}},"_links":{"self":[{"href":"https:\/\/www.llauts.com\/fr\/wp-json\/wp\/v2\/pages\/11264","targetHints":{"allow":["GET"]}}],"collection":[{"href":"https:\/\/www.llauts.com\/fr\/wp-json\/wp\/v2\/pages"}],"about":[{"href":"https:\/\/www.llauts.com\/fr\/wp-json\/wp\/v2\/types\/page"}],"author":[{"embeddable":true,"href":"https:\/\/www.llauts.com\/fr\/wp-json\/wp\/v2\/users\/1"}],"replies":[{"embeddable":true,"href":"https:\/\/www.llauts.com\/fr\/wp-json\/wp\/v2\/comments?post=11264"}],"version-history":[{"count":0,"href":"https:\/\/www.llauts.com\/fr\/wp-json\/wp\/v2\/pages\/11264\/revisions"}],"wp:attachment":[{"href":"https:\/\/www.llauts.com\/fr\/wp-json\/wp\/v2\/media?parent=11264"}],"curies":[{"name":"wp","href":"https:\/\/api.w.org\/{rel}","templated":true}]}}